{"id":27,"date":"2015-01-11T17:22:43","date_gmt":"2015-01-11T17:22:43","guid":{"rendered":"http:\/\/161.67.146.35\/itav\/?page_id=27"},"modified":"2021-10-26T11:50:51","modified_gmt":"2021-10-26T10:50:51","slug":"estudio-plato-de-television","status":"publish","type":"page","link":"https:\/\/itav.uclm.es\/itav\/?page_id=27","title":{"rendered":"Plat\u00f3 de televisi\u00f3n"},"content":{"rendered":"<table border=\"0\" width=\"75%\" cellspacing=\"0\" cellpadding=\"0\" align=\"center\">\n<tbody>\n<tr>\n<td valign=\"middle\" width=\"100%\">Plato de televisi\u00f3n equipado con varios espacios de trabajo entre los que est\u00e1n un CromaKey fijo, o un stand de noticias. Este plat\u00f3 esta equipado con hasta 4 camaras profesionales, dos de ellas controlables con CCU, iluminaci\u00f3n, distintos sistemas de grabaci\u00f3n, mesa de edici\u00f3n, mesa de audio, monitorado absoluto de todas las se\u00f1ales por separado, etc. Un verdadero estudio de televisi\u00f3n susceptible de ser la base de buenas producciones. Consulte nuestras <a href=\"http:\/\/itav.uclm.es\/itav\/wp-content\/uploads\/2021\/10\/Tarifas_ITAV_v2-1.pdf\">tarifas<\/a>.\n<p>\u00a0<\/p>\n<p style=\"text-align: center;\"><div id=\"metaslider-id-228\" style=\"width: 100%; margin: 0 auto;\" class=\"ml-slider-3-20-3 metaslider metaslider-flex metaslider-228 ml-slider\">\n    <div id=\"metaslider_container_228\">\n        <div id=\"metaslider_228\">\n            <ul aria-live=\"polite\" class=\"slides\">\n                <li style=\"display: none; width: 100%;\" class=\"slide-223 ms-image\"><img src=\"https:\/\/itav.uclm.es\/itav\/wp-content\/uploads\/2015\/01\/platoTV1.jpg\" height=\"478\" width=\"640\" alt=\"Plat\u00f3 de Televisi\u00f3n 5\" class=\"slider-228 slide-223\" title=\"Plat\u00f3 de Televisi\u00f3n 5\" \/><div class=\"caption-wrap\"><div class=\"caption\">Plat\u00f3 de Televisi\u00f3n 5<\/div><\/div><\/li>\n                <li style=\"display: none; width: 100%;\" class=\"slide-225 ms-image\"><img src=\"https:\/\/itav.uclm.es\/itav\/wp-content\/uploads\/2015\/01\/platoTV31.jpg\" height=\"478\" width=\"640\" alt=\"Plat\u00f3 de Televisi\u00f3n 3\" class=\"slider-228 slide-225\" title=\"Plat\u00f3 de Televisi\u00f3n 3\" \/><div class=\"caption-wrap\"><div class=\"caption\">Plat\u00f3 de Televisi\u00f3n 3<\/div><\/div><\/li>\n                <li style=\"display: none; width: 100%;\" class=\"slide-224 ms-image\"><img src=\"https:\/\/itav.uclm.es\/itav\/wp-content\/uploads\/2015\/01\/platoTV21.jpg\" height=\"478\" width=\"640\" alt=\"Plat\u00f3 de Televisi\u00f3n 4\" class=\"slider-228 slide-224\" title=\"Plat\u00f3 de Televisi\u00f3n 4\" \/><div class=\"caption-wrap\"><div class=\"caption\">Plat\u00f3 de Televisi\u00f3n 4<\/div><\/div><\/li>\n                <li style=\"display: none; width: 100%;\" class=\"slide-226 ms-image\"><img src=\"https:\/\/itav.uclm.es\/itav\/wp-content\/uploads\/2015\/01\/platoTV5.jpg\" height=\"478\" width=\"640\" alt=\"Plat\u00f3 de Televisi\u00f3n 2\" class=\"slider-228 slide-226\" title=\"Plat\u00f3 de Televisi\u00f3n 2\" \/><div class=\"caption-wrap\"><div class=\"caption\">Plat\u00f3 de Televisi\u00f3n 2<\/div><\/div><\/li>\n                <li style=\"display: none; width: 100%;\" class=\"slide-227 ms-image\"><img src=\"https:\/\/itav.uclm.es\/itav\/wp-content\/uploads\/2015\/01\/platoTV61.jpg\" height=\"478\" width=\"640\" alt=\"Plat\u00f3 de Televisi\u00f3n 1\" class=\"slider-228 slide-227\" title=\"Plat\u00f3 de Televisi\u00f3n 1\" \/><div class=\"caption-wrap\"><div class=\"caption\">Plat\u00f3 de Televisi\u00f3n 1<\/div><\/div><\/li>\n            <\/ul>\n        <\/div>\n        \n    <\/div>\n<\/div><\/p>\n<\/td>\n<\/tr>\n<\/tbody>\n<\/table>\n\n\n<p><\/p>\n","protected":false},"excerpt":{"rendered":"<p>Plato de televisi\u00f3n equipado con varios espacios de trabajo entre los que est\u00e1n un CromaKey fijo, o un stand de noticias. Este plat\u00f3 esta equipado con hasta 4 camaras profesionales, dos de ellas controlables con CCU, iluminaci\u00f3n, distintos sistemas de grabaci\u00f3n, mesa de edici\u00f3n, mesa de audio, monitorado absoluto de todas las se\u00f1ales por separado, [&hellip;]<div class=\"clearfix\"><\/div><br \/><a class=\"btn btn-sm btn-info\" title=\"Leer m&aacute;s sobre Plat\u00f3 de televisi\u00f3n\" href=\"https:\/\/itav.uclm.es\/itav\/?page_id=27\">Continuar Leyendo<\/a><\/p>\n","protected":false},"author":2,"featured_media":0,"parent":9,"menu_order":0,"comment_status":"closed","ping_status":"closed","template":"","meta":[],"_links":{"self":[{"href":"https:\/\/itav.uclm.es\/itav\/index.php?rest_route=\/wp\/v2\/pages\/27"}],"collection":[{"href":"https:\/\/itav.uclm.es\/itav\/index.php?rest_route=\/wp\/v2\/pages"}],"about":[{"href":"https:\/\/itav.uclm.es\/itav\/index.php?rest_route=\/wp\/v2\/types\/page"}],"author":[{"embeddable":true,"href":"https:\/\/itav.uclm.es\/itav\/index.php?rest_route=\/wp\/v2\/users\/2"}],"replies":[{"embeddable":true,"href":"https:\/\/itav.uclm.es\/itav\/index.php?rest_route=%2Fwp%2Fv2%2Fcomments&post=27"}],"version-history":[{"count":6,"href":"https:\/\/itav.uclm.es\/itav\/index.php?rest_route=\/wp\/v2\/pages\/27\/revisions"}],"predecessor-version":[{"id":1190,"href":"https:\/\/itav.uclm.es\/itav\/index.php?rest_route=\/wp\/v2\/pages\/27\/revisions\/1190"}],"up":[{"embeddable":true,"href":"https:\/\/itav.uclm.es\/itav\/index.php?rest_route=\/wp\/v2\/pages\/9"}],"wp:attachment":[{"href":"https:\/\/itav.uclm.es\/itav\/index.php?rest_route=%2Fwp%2Fv2%2Fmedia&parent=27"}],"curies":[{"name":"wp","href":"https:\/\/api.w.org\/{rel}","templated":true}]}}