{"id":70,"date":"2015-01-12T11:03:54","date_gmt":"2015-01-12T10:03:54","guid":{"rendered":"http:\/\/161.67.146.35\/itav\/?page_id=70"},"modified":"2021-10-26T13:14:58","modified_gmt":"2021-10-26T12:14:58","slug":"personal-investigador","status":"publish","type":"page","link":"https:\/\/itav.uclm.es\/itav\/?page_id=70","title":{"rendered":"Personal"},"content":{"rendered":"\n<div class=\"wp-block-group\"><div class=\"wp-block-group__inner-container\">\n<div class=\"wp-block-group\"><div class=\"wp-block-group__inner-container\">\n<div class=\"wp-block-group\"><div class=\"wp-block-group__inner-container\"><\/div><\/div>\n<\/div><\/div>\n<\/div><\/div>\n\n\n\n<h3><strong>Investigadores<\/strong><\/h3>\n\n\n\n<ul><li><strong>Director<\/strong>: <a rel=\"noreferrer noopener\" href=\"https:\/\/directorio.uclm.es\/persona.aspx?cod=5SVyk0gzQBxpGLoOR8QmVjDp18p0vRkY4lOoNAiu1LA=\" target=\"_blank\">Jos\u00e9 Manuel Pastor Garc\u00eda<\/a><\/li><li><strong>Subdirector<\/strong>: <a rel=\"noreferrer noopener\" href=\"https:\/\/directorio.uclm.es\/persona.aspx?cod=FfCe6Sl2T0cE5qtk6oTgE+xCHCrewxvZPH\/oCaw+7Zc=\" target=\"_blank\">Arturo Mart\u00ednez Rodrigo<\/a><\/li><li><a rel=\"noreferrer noopener\" href=\"https:\/\/directorio.uclm.es\/persona.aspx?cod=OXVn3pexNEr2c3V9rXNps2afasBmAAHD\" target=\"_blank\">Ra\u00fal Alcaraz Mart\u00ednez<\/a><\/li><li><a rel=\"noreferrer noopener\" href=\"https:\/\/directorio.uclm.es\/persona.aspx?cod=vkQJbx5k24eWx0zdP8FF5GU4VnuRezNS\" target=\"_blank\">C\u00e9sar S\u00e1nchez Mel\u00e9ndez<\/a><\/li><li><a rel=\"noreferrer noopener\" href=\"https:\/\/directorio.uclm.es\/persona.aspx?cod=KXSn+tXZhMRi4KMOBe1TIPEQ4gz20zyC4lOoNAiu1LA=\" target=\"_blank\">Roberto Zangroniz Cantabrana<\/a><\/li><li><a rel=\"noreferrer noopener\" href=\"https:\/\/directorio.uclm.es\/persona.aspx?cod=G7BUPOhdS0boG1Rz26x7v\/EQ4gz20zyC4lOoNAiu1LA=\" target=\"_blank\">Jos\u00e9 Mar\u00eda Herranz de la Casa<\/a><\/li><li><a rel=\"noreferrer noopener\" href=\"https:\/\/directorio.uclm.es\/persona.aspx?cod=C6WAGmd1kF5tlmTmHeiqu+xCHCrewxvZPH\/oCaw+7Zc=\" target=\"_blank\">Ana Mar\u00eda L\u00f3pez Cepeda<\/a><\/li><li><a rel=\"noreferrer noopener\" href=\"https:\/\/directorio.uclm.es\/persona.aspx?cod=bCRb5u25VKCUFuO6GLygN\/S0R9JCadhf\" target=\"_blank\">Ana Serrano Telleria<\/a><\/li><li><a rel=\"noreferrer noopener\" href=\"https:\/\/directorio.uclm.es\/persona.aspx?cod=m\/01ydixIL\/JTL+Cv\/FQiGafasBmAAHD\" target=\"_blank\">Juan R\u00f3denas Garc\u00eda<\/a><\/li><li><a rel=\"noreferrer noopener\" href=\"https:\/\/directorio.uclm.es\/persona.aspx?cod=G\/ljCXGicc++BwZgdJRoiGU4VnuRezNS\" target=\"_blank\">Manuel Garc\u00eda Teruel<\/a><\/li><li><a rel=\"noreferrer noopener\" href=\"https:\/\/directorio.uclm.es\/persona.aspx?cod=mTPhnM4+VikE5qtk6oTgE+xCHCrewxvZPH\/oCaw+7Zc=\" target=\"_blank\">Miguel Mart\u00ednez Iniesta<\/a><\/li><li><a rel=\"noreferrer noopener\" href=\"https:\/\/directorio.uclm.es\/persona.aspx?cod=0fwCm\/1o7jiWeObqZfTtaO5fvFkSIRhBjn0mXjby01E=\" target=\"_blank\">Jos\u00e9 Iv\u00e1n San Jos\u00e9 Vieco<\/a><\/li><li><a rel=\"noreferrer noopener\" href=\"https:\/\/directorio.uclm.es\/persona.aspx?cod=u0uBCFhejvZ+X\/b25dimHvS0R9JCadhf\" target=\"_blank\">Ruth Garc\u00eda Mart\u00edn<\/a><\/li><li><a href=\"https:\/\/directorio.uclm.es\/persona.aspx?cod=mNh7w0f8eN99MG7QALvwNexCHCrewxvZPH\/oCaw+7Zc=\" target=\"_blank\" rel=\"noreferrer noopener\">Isabel Gonz\u00e1lez Rodr\u00edguez<\/a><\/li><li><a href=\"https:\/\/directorio.uclm.es\/persona.aspx?cod=wVG2zmPa3sxe7uTHbkDTvu5fvFkSIRhBjn0mXjby01E=\" target=\"_blank\" rel=\"noreferrer noopener\">Antonio Fern\u00e1ndez Vicente<\/a><\/li><li><a rel=\"noreferrer noopener\" href=\"https:\/\/directorio.uclm.es\/persona.aspx?cod=pMvA1TC72DkEmkfBcdjbefS0R9JCadhf\" target=\"_blank\">Vanesa Saiz Echezarreta<\/a><\/li><li><a href=\"https:\/\/directorio.uclm.es\/persona.aspx?cod=CUsHJHdBK2KPjBdTxRo70uJTqDQIrtSw\" target=\"_blank\" rel=\"noreferrer noopener\">Jos\u00e9 Reig Crua\u00f1es<\/a><\/li><li><a href=\"https:\/\/directorio.uclm.es\/persona.aspx?cod=8kQfMlhZGOXiu1E2ZtGWritM4c+2kOQ3\" target=\"_blank\" rel=\"noreferrer noopener\">Miguel \u00c1lvarez Peralta<\/a><\/li><li><a rel=\"noreferrer noopener\" href=\"https:\/\/directorio.uclm.es\/persona.aspx?cod=RtQC7iKrZs1VkrAN1Rv53uxCHCrewxvZPH\/oCaw+7Zc=\" target=\"_blank\">Bel\u00e9n Galletero Campos<\/a><\/li><li><a rel=\"noreferrer noopener\" href=\"https:\/\/directorio.uclm.es\/persona.aspx?cod=Qg63391oXUZQeVBhoFj9MxtzvMl1N2ugkGC+LfDlw\/w=\" target=\"_blank\">Luis Mauricio Calvo Rubio<\/a><\/li><li><a rel=\"noreferrer noopener\" href=\"https:\/\/directorio.uclm.es\/persona.aspx?cod=9EJapW3Dlufmhb1PhtFrsGU4VnuRezNS\" target=\"_blank\">Lidia Peralta Garc\u00eda<\/a><\/li><li><a href=\"https:\/\/directorio.uclm.es\/persona.aspx?cod=bE7iVfJ\/SP6aS42ov0yPde5fvFkSIRhBjn0mXjby01E=\" target=\"_blank\" rel=\"noreferrer noopener\">Mar\u00eda Jos\u00e9 Ufarte Ruiz<\/a><\/li><li><a href=\"https:\/\/directorio.uclm.es\/persona.aspx?cod=nIAeCjxwsGH9LHVPwec1U+5fvFkSIRhBjn0mXjby01E=\" target=\"_blank\" rel=\"noreferrer noopener\">Francisco Jos\u00e9 Murcia Verd\u00fa<\/a><\/li><li><a href=\"https:\/\/directorio.uclm.es\/persona.aspx?cod=cAEFyLdFIqw8Ah7Pe\/OsTeM7fdMJ6T6TkGC+LfDlw\/w=\" target=\"_blank\" rel=\"noreferrer noopener\">Raquel G\u00f3mez Rosado<\/a><\/li><li><a rel=\"noreferrer noopener\" href=\"https:\/\/directorio.uclm.es\/persona.aspx?cod=fg0LSEIHTCecFlD6kdZrZStM4c+2kOQ3\" target=\"_blank\">Azahara Ca\u00f1edo Ramos<\/a><\/li><\/ul>\n\n\n\n<h3><strong>T\u00e9cnicos<\/strong> <strong>colaboradores<\/strong><\/h3>\n\n\n\n<ul><li><a rel=\"noreferrer noopener\" href=\"https:\/\/directorio.uclm.es\/persona.aspx?cod=dDUSAazLzfezwquwtr0KFmU4VnuRezNS\" target=\"_blank\">Nicolae Cirja<\/a><\/li><li><a href=\"https:\/\/directorio.uclm.es\/persona.aspx?cod=P9hN3YUIQIEvGdp8NlEZ0mafasBmAAHD\" target=\"_blank\" rel=\"noreferrer noopener\">Sergio Rubio<\/a> <\/li><li><a href=\"http:\/\/Roberto Zangroniz Cantabrana\" target=\"_blank\" rel=\"noreferrer noopener\">Jos\u00e9 Alberto Valenciano<\/a><\/li><\/ul>\n\n\n\n<p><\/p>\n","protected":false},"excerpt":{"rendered":"<p>Investigadores Director: Jos\u00e9 Manuel Pastor Garc\u00eda Subdirector: Arturo Mart\u00ednez Rodrigo Ra\u00fal Alcaraz Mart\u00ednez C\u00e9sar S\u00e1nchez Mel\u00e9ndez Roberto Zangroniz Cantabrana Jos\u00e9 Mar\u00eda Herranz de la Casa Ana Mar\u00eda L\u00f3pez Cepeda Ana Serrano Telleria Juan R\u00f3denas Garc\u00eda Manuel Garc\u00eda Teruel Miguel Mart\u00ednez Iniesta Jos\u00e9 Iv\u00e1n San Jos\u00e9 Vieco Ruth Garc\u00eda Mart\u00edn Isabel Gonz\u00e1lez Rodr\u00edguez Antonio Fern\u00e1ndez Vicente [&hellip;]<div class=\"clearfix\"><\/div><br \/><a class=\"btn btn-sm btn-info\" title=\"Leer m&aacute;s sobre Personal\" href=\"https:\/\/itav.uclm.es\/itav\/?page_id=70\">Continuar Leyendo<\/a><\/p>\n","protected":false},"author":2,"featured_media":0,"parent":367,"menu_order":0,"comment_status":"closed","ping_status":"closed","template":"","meta":[],"_links":{"self":[{"href":"https:\/\/itav.uclm.es\/itav\/index.php?rest_route=\/wp\/v2\/pages\/70"}],"collection":[{"href":"https:\/\/itav.uclm.es\/itav\/index.php?rest_route=\/wp\/v2\/pages"}],"about":[{"href":"https:\/\/itav.uclm.es\/itav\/index.php?rest_route=\/wp\/v2\/types\/page"}],"author":[{"embeddable":true,"href":"https:\/\/itav.uclm.es\/itav\/index.php?rest_route=\/wp\/v2\/users\/2"}],"replies":[{"embeddable":true,"href":"https:\/\/itav.uclm.es\/itav\/index.php?rest_route=%2Fwp%2Fv2%2Fcomments&post=70"}],"version-history":[{"count":25,"href":"https:\/\/itav.uclm.es\/itav\/index.php?rest_route=\/wp\/v2\/pages\/70\/revisions"}],"predecessor-version":[{"id":1233,"href":"https:\/\/itav.uclm.es\/itav\/index.php?rest_route=\/wp\/v2\/pages\/70\/revisions\/1233"}],"up":[{"embeddable":true,"href":"https:\/\/itav.uclm.es\/itav\/index.php?rest_route=\/wp\/v2\/pages\/367"}],"wp:attachment":[{"href":"https:\/\/itav.uclm.es\/itav\/index.php?rest_route=%2Fwp%2Fv2%2Fmedia&parent=70"}],"curies":[{"name":"wp","href":"https:\/\/api.w.org\/{rel}","templated":true}]}}